{"id":17,"date":"2019-06-19T08:20:57","date_gmt":"2019-06-19T06:20:57","guid":{"rendered":"https:\/\/santediabete.labubulle.com\/?page_id=17"},"modified":"2025-08-19T14:30:52","modified_gmt":"2025-08-19T12:30:52","slug":"accueil","status":"publish","type":"page","link":"https:\/\/santediabete.org\/en_en\/","title":{"rendered":"Homepage"},"content":{"rendered":"<h1>\n\t\tSANT\u00c9 DIAB\u00c8TE WORKS <br \/>LE TERRAIN POUR L&rsquo;ACC\u00c8S <br \/>GLOBALLY TO IMPROVE <br \/>ACCESS TO HEALTHCARE <br \/>FOR PEOPLE LIVING WITH DIABETES \n\t<\/h1>\n\t<p>Sant\u00e9 Diab\u00e8te est une Organisation Non Gouvernementale fond\u00e9e en 2001 pour r\u00e9pondre au manque d&rsquo;acc\u00e8s aux soins des personnes atteintes de diab\u00e8te en Afrique et \u00e0 l&rsquo;absence de prise en compte de cette urgence sanitaire par les acteurs du d\u00e9veloppement au niveau mondial.<\/p>\n<p>Depuis plus de deux d\u00e9cennies, Sant\u00e9 Diab\u00e8te agit chaque jour sur le terrain pour sauver des vies gr\u00e2ce \u00e0 une meilleure pr\u00e9vention et prise en charge du diab\u00e8te et pour am\u00e9liorer la qualit\u00e9 de vie des personnes atteintes par cette maladie chronique, tout en alertant la communaut\u00e9 internationale sur les d\u00e9fis du diab\u00e8te aujourd&rsquo;hui responsable d&rsquo;un d\u00e9c\u00e8s toutes les 6 secondes dans le monde.<\/p>\n<p>D&rsquo;abord pr\u00e9sente au Mali, Sant\u00e9 Diab\u00e8te a ensuite d\u00e9velopp\u00e9 ses actions au Burkina Faso, aux Comores ainsi qu&rsquo;en France (si\u00e8ge de l&rsquo;association) avec des \u00e9quipes permanentes dans chaque pays et un r\u00e9seau de plus de 200 partenaires locaux et internationaux.<\/p>\n            <a href=\"https:\/\/santediabete.org\/en_en\/qui-sommes-nous\/\" role=\"button\" target=\"_self\">\n                                                                                         Who are we ?\n                            <\/a>\n            <a href=\"https:\/\/santediabete.org\/en_en\/agir\/\" role=\"button\" target=\"_self\">\n                                                                                       Take action\n                             <\/a>\n\t<meta itemscope itemprop=\"mainEntityOfPage\" itemtype=\"https:\/\/schema.org\/WebPage\" itemid=\"https:\/\/santediabete.org\/le-diabete\/\" content=\"Le Diab\u00e8te\" \/><meta itemprop=\"datePublished\" content=\"2019-06-03\" \/><meta itemprop=\"dateModified\" content=\"2025-04-28\" \/><meta itemprop=\"name\" content=\"Sant\u00e9 Diab\u00e8te\"\/><meta itemprop=\"url\" content=\"https:\/\/santediabete.org\/author\/stephane\/\" \/><meta itemprop=\"name\" content=\"@stephane\" \/><meta itemprop=\"url\" content=\"https:\/\/i0.wp.com\/santediabete.org\/wp-content\/uploads\/2019\/06\/le-diabete.jpg?fit=1280%2C853&#038;ssl=1\" \/><meta itemprop=\"width\" content=\"1280\" \/><meta itemprop=\"height\" content=\"853\" \/><meta itemprop=\"interactionType\" content=\"https:\/\/schema.org\/CommentAction\" \/><meta itemprop=\"userInteractionCount\" content=\"0\" \/>\n\t<a href='https:\/\/santediabete.org\/en_en\/le-diabete\/' title='Diabetes'><img width=\"460\" height=\"300\" src=\"https:\/\/i0.wp.com\/santediabete.org\/wp-content\/uploads\/2019\/06\/le-diabete.jpg?resize=460%2C300&amp;ssl=1\" alt=\"\" itemprop=\"image\" decoding=\"async\" srcset=\"https:\/\/i0.wp.com\/santediabete.org\/wp-content\/uploads\/2019\/06\/le-diabete.jpg?resize=460%2C300&amp;ssl=1 460w, https:\/\/i0.wp.com\/santediabete.org\/wp-content\/uploads\/2019\/06\/le-diabete.jpg?zoom=2&amp;resize=460%2C300&amp;ssl=1 920w\" sizes=\"(max-width: 460px) 100vw, 460px\" \/><\/a>\n<h3><a href='https:\/\/santediabete.org\/en_en\/le-diabete\/' title='Diabetes'>Diabetes<\/a><\/h3>\n<p>Diabetes is a disease that is defined by a permanent too high blood sugar level. 589 million people live with diabetes worldwide. It kills 5 million people a year and is growing very rapidly in Africa.<\/p>\n\t<meta itemscope itemprop=\"mainEntityOfPage\" itemtype=\"https:\/\/schema.org\/WebPage\" itemid=\"https:\/\/santediabete.org\/sante-diabete-en-action\/\" content=\"Sant\u00e9 Diab\u00e8te en action\" \/><meta itemprop=\"datePublished\" content=\"2019-05-13\" \/><meta itemprop=\"dateModified\" content=\"2024-06-10\" \/><meta itemprop=\"name\" content=\"Sant\u00e9 Diab\u00e8te\"\/><meta itemprop=\"url\" content=\"https:\/\/santediabete.org\/author\/stephane\/\" \/><meta itemprop=\"name\" content=\"@stephane\" \/><meta itemprop=\"url\" content=\"https:\/\/i0.wp.com\/santediabete.org\/wp-content\/uploads\/2019\/08\/programme-mali-2.jpg?fit=1600%2C1067&#038;ssl=1\" \/><meta itemprop=\"width\" content=\"1600\" \/><meta itemprop=\"height\" content=\"1067\" \/><meta itemprop=\"interactionType\" content=\"https:\/\/schema.org\/CommentAction\" \/><meta itemprop=\"userInteractionCount\" content=\"0\" \/>\n\t<a href='https:\/\/santediabete.org\/en_en\/sante-diabete-en-action\/' title='Sant\u00e9 Diab\u00e8te in action'><img width=\"460\" height=\"300\" src=\"https:\/\/i0.wp.com\/santediabete.org\/wp-content\/uploads\/2019\/08\/programme-mali-2.jpg?resize=460%2C300&amp;ssl=1\" alt=\"\" itemprop=\"image\" decoding=\"async\" srcset=\"https:\/\/i0.wp.com\/santediabete.org\/wp-content\/uploads\/2019\/08\/programme-mali-2.jpg?resize=460%2C300&amp;ssl=1 460w, https:\/\/i0.wp.com\/santediabete.org\/wp-content\/uploads\/2019\/08\/programme-mali-2.jpg?zoom=2&amp;resize=460%2C300&amp;ssl=1 920w, https:\/\/i0.wp.com\/santediabete.org\/wp-content\/uploads\/2019\/08\/programme-mali-2.jpg?zoom=3&amp;resize=460%2C300&amp;ssl=1 1380w\" sizes=\"(max-width: 460px) 100vw, 460px\" \/><\/a>\n<h3><a href='https:\/\/santediabete.org\/en_en\/sante-diabete-en-action\/' title='Sant\u00e9 Diab\u00e8te in action'>Sant\u00e9 Diab\u00e8te in action<\/a><\/h3>\n<p>Pour d\u00e9velopper des politiques publiques fortes et renforcer durablement le syst\u00e8me de sant\u00e9, l&rsquo;ONG intervient avec l&rsquo;ensemble de ses partenaires pour une meilleure pr\u00e9vention et prise en charge de qualit\u00e9 du diab\u00e8te.<\/p>\n\t<meta itemscope itemprop=\"mainEntityOfPage\" itemtype=\"https:\/\/schema.org\/WebPage\" itemid=\"https:\/\/santediabete.org\/agir\/\" content=\"Agir\" \/><meta itemprop=\"datePublished\" content=\"2019-07-10\" \/><meta itemprop=\"dateModified\" content=\"2023-02-27\" \/><meta itemprop=\"name\" content=\"Sant\u00e9 Diab\u00e8te\"\/><meta itemprop=\"url\" content=\"https:\/\/santediabete.org\/author\/stephane\/\" \/><meta itemprop=\"name\" content=\"@stephane\" \/><meta itemprop=\"url\" content=\"https:\/\/i0.wp.com\/santediabete.org\/wp-content\/uploads\/2019\/06\/dibete-questions.jpg?fit=1280%2C960&#038;ssl=1\" \/><meta itemprop=\"width\" content=\"1280\" \/><meta itemprop=\"height\" content=\"960\" \/><meta itemprop=\"interactionType\" content=\"https:\/\/schema.org\/CommentAction\" \/><meta itemprop=\"userInteractionCount\" content=\"0\" \/>\n\t<a href='https:\/\/santediabete.org\/en_en\/agir\/' title='Take action'><img width=\"460\" height=\"300\" src=\"https:\/\/i0.wp.com\/santediabete.org\/wp-content\/uploads\/2019\/06\/dibete-questions.jpg?resize=460%2C300&amp;ssl=1\" alt=\"\" itemprop=\"image\" decoding=\"async\" srcset=\"https:\/\/i0.wp.com\/santediabete.org\/wp-content\/uploads\/2019\/06\/dibete-questions.jpg?resize=460%2C300&amp;ssl=1 460w, https:\/\/i0.wp.com\/santediabete.org\/wp-content\/uploads\/2019\/06\/dibete-questions.jpg?zoom=2&amp;resize=460%2C300&amp;ssl=1 920w\" sizes=\"(max-width: 460px) 100vw, 460px\" \/><\/a>\n<h3><a href='https:\/\/santediabete.org\/en_en\/agir\/' title='Take action'>Take action<\/a><\/h3>\n<p>Your commitment to us is the guarantee of our independence and our autonomy of action.<\/p>\n<p>Help Sant\u00e9 Diab\u00e8te save lives and provide essential care to those who cannot afford it.<\/p>\n<h2>\n\t\tIn the news\n\t<\/h2>\n\t\t\t<a href=\"https:\/\/santediabete.org\/en_en\/actu\/\" target=\"_self\">\n\t\t\t\t\t\t\tMORE NEWS\n\t\t\t\t\t<\/a>","protected":false},"excerpt":{"rendered":"<p>SANT\u00c9 DIAB\u00c8TE AGIT SUR LE TERRAIN POUR L&rsquo;ACC\u00c8S AUX SOINS DES PERSONNES ATTEINTES DE DIAB\u00c8TE EN AFRIQUE ET DANS LE MONDE Sant\u00e9 Diab\u00e8te est une Organisation Non Gouvernementale fond\u00e9e en 2001 pour r\u00e9pondre au manque d&rsquo;acc\u00e8s aux soins des personnes atteintes de diab\u00e8te en Afrique et \u00e0 l&rsquo;absence de prise en compte de cette urgence&hellip;<\/p>","protected":false},"author":3,"featured_media":0,"parent":0,"menu_order":0,"comment_status":"closed","ping_status":"closed","template":"","meta":{"footnotes":""},"class_list":["post-17","page","type-page","status-publish","hentry"],"yoast_head":"<!-- This site is optimized with the Yoast SEO plugin v26.7 - https:\/\/yoast.com\/wordpress\/plugins\/seo\/ -->\n<title>ONG Sant\u00e9 Diab\u00e8te - Lutte contre le diab\u00e8te en Afrique et dans le monde<\/title>\n<meta name=\"description\" content=\"L&#039;ONG Sant\u00e9 Diab\u00e8te agit sur le terrain pour l&#039;acc\u00e8s aux soins des diab\u00e9tiques en Afrique et pour lutter contre le diab\u00e8te dans le monde\" \/>\n<meta name=\"robots\" content=\"index, follow, max-snippet:-1, max-image-preview:large, max-video-preview:-1\" \/>\n<link rel=\"canonical\" href=\"https:\/\/santediabete.org\/en_en\/\" \/>\n<meta property=\"og:locale\" content=\"en_GB\" \/>\n<meta property=\"og:type\" content=\"article\" \/>\n<meta property=\"og:title\" content=\"ONG Sant\u00e9 Diab\u00e8te - Lutte contre le diab\u00e8te en Afrique et dans le monde\" \/>\n<meta property=\"og:description\" content=\"L&#039;ONG Sant\u00e9 Diab\u00e8te agit sur le terrain pour l&#039;acc\u00e8s aux soins des diab\u00e9tiques en Afrique et pour lutter contre le diab\u00e8te dans le monde\" \/>\n<meta property=\"og:url\" content=\"https:\/\/santediabete.org\/en_en\/\" \/>\n<meta property=\"og:site_name\" content=\"Sant\u00e9 Diab\u00e8te\" \/>\n<meta property=\"article:publisher\" content=\"https:\/\/www.facebook.com\/ONGSantDiabte\/\" \/>\n<meta property=\"article:modified_time\" content=\"2025-08-19T12:30:52+00:00\" \/>\n<meta property=\"og:image\" content=\"https:\/\/i0.wp.com\/santediabete.org\/wp-content\/uploads\/2019\/06\/le-diabete.jpg?resize=460%2C300&amp;ssl=1\" \/>\n<meta name=\"twitter:card\" content=\"summary_large_image\" \/>\n<meta name=\"twitter:site\" content=\"@ongsantdiabte\" \/>\n<meta name=\"twitter:label1\" content=\"Estimated reading time\" \/>\n\t<meta name=\"twitter:data1\" content=\"2 minutes\" \/>\n<script type=\"application\/ld+json\" class=\"yoast-schema-graph\">{\"@context\":\"https:\/\/schema.org\",\"@graph\":[{\"@type\":\"WebPage\",\"@id\":\"https:\/\/santediabete.org\/\",\"url\":\"https:\/\/santediabete.org\/\",\"name\":\"ONG Sant\u00e9 Diab\u00e8te - Lutte contre le diab\u00e8te en Afrique et dans le monde\",\"isPartOf\":{\"@id\":\"https:\/\/santediabete.org\/#website\"},\"primaryImageOfPage\":{\"@id\":\"https:\/\/santediabete.org\/#primaryimage\"},\"image\":{\"@id\":\"https:\/\/santediabete.org\/#primaryimage\"},\"thumbnailUrl\":\"https:\/\/i0.wp.com\/santediabete.org\/wp-content\/uploads\/2019\/06\/le-diabete.jpg?resize=460%2C300&amp;ssl=1\",\"datePublished\":\"2019-06-19T06:20:57+00:00\",\"dateModified\":\"2025-08-19T12:30:52+00:00\",\"description\":\"L'ONG Sant\u00e9 Diab\u00e8te agit sur le terrain pour l'acc\u00e8s aux soins des diab\u00e9tiques en Afrique et pour lutter contre le diab\u00e8te dans le monde\",\"breadcrumb\":{\"@id\":\"https:\/\/santediabete.org\/#breadcrumb\"},\"inLanguage\":\"en-GB\",\"potentialAction\":[{\"@type\":\"ReadAction\",\"target\":[\"https:\/\/santediabete.org\/\"]}]},{\"@type\":\"ImageObject\",\"inLanguage\":\"en-GB\",\"@id\":\"https:\/\/santediabete.org\/#primaryimage\",\"url\":\"https:\/\/i0.wp.com\/santediabete.org\/wp-content\/uploads\/2019\/06\/le-diabete.jpg?resize=460%2C300&amp;ssl=1\",\"contentUrl\":\"https:\/\/i0.wp.com\/santediabete.org\/wp-content\/uploads\/2019\/06\/le-diabete.jpg?resize=460%2C300&amp;ssl=1\"},{\"@type\":\"BreadcrumbList\",\"@id\":\"https:\/\/santediabete.org\/#breadcrumb\",\"itemListElement\":[{\"@type\":\"ListItem\",\"position\":1,\"name\":\"Accueil\",\"item\":\"https:\/\/santediabete.org\/\"},{\"@type\":\"ListItem\",\"position\":2,\"name\":\"Accueil\"}]},{\"@type\":\"WebSite\",\"@id\":\"https:\/\/santediabete.org\/#website\",\"url\":\"https:\/\/santediabete.org\/\",\"name\":\"ONG Sante Diab\u00e8te\",\"description\":\"Innover ensemble pour lutter contre le diab\u00e8te en Afrique\",\"publisher\":{\"@id\":\"https:\/\/santediabete.org\/#organization\"},\"potentialAction\":[{\"@type\":\"SearchAction\",\"target\":{\"@type\":\"EntryPoint\",\"urlTemplate\":\"https:\/\/santediabete.org\/?s={search_term_string}\"},\"query-input\":{\"@type\":\"PropertyValueSpecification\",\"valueRequired\":true,\"valueName\":\"search_term_string\"}}],\"inLanguage\":\"en-GB\"},{\"@type\":\"Organization\",\"@id\":\"https:\/\/santediabete.org\/#organization\",\"name\":\"ONG Sant\u00e9 Diab\u00e8te\",\"url\":\"https:\/\/santediabete.org\/\",\"logo\":{\"@type\":\"ImageObject\",\"inLanguage\":\"en-GB\",\"@id\":\"https:\/\/santediabete.org\/#\/schema\/logo\/image\/\",\"url\":\"https:\/\/santediabete.org\/wp-content\/uploads\/2019\/05\/santediabete-logo.png\",\"contentUrl\":\"https:\/\/santediabete.org\/wp-content\/uploads\/2019\/05\/santediabete-logo.png\",\"width\":311,\"height\":66,\"caption\":\"ONG Sant\u00e9 Diab\u00e8te\"},\"image\":{\"@id\":\"https:\/\/santediabete.org\/#\/schema\/logo\/image\/\"},\"sameAs\":[\"https:\/\/www.facebook.com\/ONGSantDiabte\/\",\"https:\/\/x.com\/ongsantdiabte\",\"https:\/\/www.instagram.com\/santediabeteofficiel\/\",\"https:\/\/www.linkedin.com\/company\/ngo-sant\u00e9-diab\u00e8te\/\",\"https:\/\/www.youtube.com\/channel\/UCTjyy-p0F6FSXjJ54nLXdVA\"]}]}<\/script>\n<!-- \/ Yoast SEO plugin. -->","yoast_head_json":{"title":"NGO Sant\u00e9 Diab\u00e8te - Diabetes Control in Africa and the World","description":"L'ONG Sant\u00e9 Diab\u00e8te agit sur le terrain pour l'acc\u00e8s aux soins des diab\u00e9tiques en Afrique et pour lutter contre le diab\u00e8te dans le monde","robots":{"index":"index","follow":"follow","max-snippet":"max-snippet:-1","max-image-preview":"max-image-preview:large","max-video-preview":"max-video-preview:-1"},"canonical":"https:\/\/santediabete.org\/en_en\/","og_locale":"en_GB","og_type":"article","og_title":"ONG Sant\u00e9 Diab\u00e8te - Lutte contre le diab\u00e8te en Afrique et dans le monde","og_description":"L'ONG Sant\u00e9 Diab\u00e8te agit sur le terrain pour l'acc\u00e8s aux soins des diab\u00e9tiques en Afrique et pour lutter contre le diab\u00e8te dans le monde","og_url":"https:\/\/santediabete.org\/en_en\/","og_site_name":"Sant\u00e9 Diab\u00e8te","article_publisher":"https:\/\/www.facebook.com\/ONGSantDiabte\/","article_modified_time":"2025-08-19T12:30:52+00:00","og_image":[{"url":"https:\/\/i0.wp.com\/santediabete.org\/wp-content\/uploads\/2019\/06\/le-diabete.jpg?resize=460%2C300&amp;ssl=1","type":"","width":"","height":""}],"twitter_card":"summary_large_image","twitter_site":"@ongsantdiabte","twitter_misc":{"Estimated reading time":"2 minutes"},"schema":{"@context":"https:\/\/schema.org","@graph":[{"@type":"WebPage","@id":"https:\/\/santediabete.org\/","url":"https:\/\/santediabete.org\/","name":"NGO Sant\u00e9 Diab\u00e8te - Diabetes Control in Africa and the World","isPartOf":{"@id":"https:\/\/santediabete.org\/#website"},"primaryImageOfPage":{"@id":"https:\/\/santediabete.org\/#primaryimage"},"image":{"@id":"https:\/\/santediabete.org\/#primaryimage"},"thumbnailUrl":"https:\/\/i0.wp.com\/santediabete.org\/wp-content\/uploads\/2019\/06\/le-diabete.jpg?resize=460%2C300&amp;ssl=1","datePublished":"2019-06-19T06:20:57+00:00","dateModified":"2025-08-19T12:30:52+00:00","description":"L'ONG Sant\u00e9 Diab\u00e8te agit sur le terrain pour l'acc\u00e8s aux soins des diab\u00e9tiques en Afrique et pour lutter contre le diab\u00e8te dans le monde","breadcrumb":{"@id":"https:\/\/santediabete.org\/#breadcrumb"},"inLanguage":"en-GB","potentialAction":[{"@type":"ReadAction","target":["https:\/\/santediabete.org\/"]}]},{"@type":"ImageObject","inLanguage":"en-GB","@id":"https:\/\/santediabete.org\/#primaryimage","url":"https:\/\/i0.wp.com\/santediabete.org\/wp-content\/uploads\/2019\/06\/le-diabete.jpg?resize=460%2C300&amp;ssl=1","contentUrl":"https:\/\/i0.wp.com\/santediabete.org\/wp-content\/uploads\/2019\/06\/le-diabete.jpg?resize=460%2C300&amp;ssl=1"},{"@type":"BreadcrumbList","@id":"https:\/\/santediabete.org\/#breadcrumb","itemListElement":[{"@type":"ListItem","position":1,"name":"Accueil","item":"https:\/\/santediabete.org\/"},{"@type":"ListItem","position":2,"name":"Accueil"}]},{"@type":"WebSite","@id":"https:\/\/santediabete.org\/#website","url":"https:\/\/santediabete.org\/","name":"ONG Sante Diab\u00e8te","description":"Innover ensemble pour lutter contre le diab\u00e8te en Afrique","publisher":{"@id":"https:\/\/santediabete.org\/#organization"},"potentialAction":[{"@type":"SearchAction","target":{"@type":"EntryPoint","urlTemplate":"https:\/\/santediabete.org\/?s={search_term_string}"},"query-input":{"@type":"PropertyValueSpecification","valueRequired":true,"valueName":"search_term_string"}}],"inLanguage":"en-GB"},{"@type":"Organization","@id":"https:\/\/santediabete.org\/#organization","name":"NGO Sant\u00e9 Diab\u00e8te","url":"https:\/\/santediabete.org\/","logo":{"@type":"ImageObject","inLanguage":"en-GB","@id":"https:\/\/santediabete.org\/#\/schema\/logo\/image\/","url":"https:\/\/santediabete.org\/wp-content\/uploads\/2019\/05\/santediabete-logo.png","contentUrl":"https:\/\/santediabete.org\/wp-content\/uploads\/2019\/05\/santediabete-logo.png","width":311,"height":66,"caption":"ONG Sant\u00e9 Diab\u00e8te"},"image":{"@id":"https:\/\/santediabete.org\/#\/schema\/logo\/image\/"},"sameAs":["https:\/\/www.facebook.com\/ONGSantDiabte\/","https:\/\/x.com\/ongsantdiabte","https:\/\/www.instagram.com\/santediabeteofficiel\/","https:\/\/www.linkedin.com\/company\/ngo-sant\u00e9-diab\u00e8te\/","https:\/\/www.youtube.com\/channel\/UCTjyy-p0F6FSXjJ54nLXdVA"]}]}},"jetpack-related-posts":[],"jetpack_sharing_enabled":true,"_links":{"self":[{"href":"https:\/\/santediabete.org\/en_en\/wp-json\/wp\/v2\/pages\/17","targetHints":{"allow":["GET"]}}],"collection":[{"href":"https:\/\/santediabete.org\/en_en\/wp-json\/wp\/v2\/pages"}],"about":[{"href":"https:\/\/santediabete.org\/en_en\/wp-json\/wp\/v2\/types\/page"}],"author":[{"embeddable":true,"href":"https:\/\/santediabete.org\/en_en\/wp-json\/wp\/v2\/users\/3"}],"replies":[{"embeddable":true,"href":"https:\/\/santediabete.org\/en_en\/wp-json\/wp\/v2\/comments?post=17"}],"version-history":[{"count":1,"href":"https:\/\/santediabete.org\/en_en\/wp-json\/wp\/v2\/pages\/17\/revisions"}],"predecessor-version":[{"id":23038,"href":"https:\/\/santediabete.org\/en_en\/wp-json\/wp\/v2\/pages\/17\/revisions\/23038"}],"wp:attachment":[{"href":"https:\/\/santediabete.org\/en_en\/wp-json\/wp\/v2\/media?parent=17"}],"curies":[{"name":"wp","href":"https:\/\/api.w.org\/{rel}","templated":true}]}}